{"id":4907,"date":"2015-09-17T15:01:29","date_gmt":"2015-09-17T15:01:29","guid":{"rendered":"http:\/\/www.elisabetbach.com\/es\/formacio-i-comunicacio\/"},"modified":"2019-04-02T10:58:51","modified_gmt":"2019-04-02T10:58:51","slug":"formacion-y-comunicacion","status":"publish","type":"page","link":"https:\/\/www.elisabetbach.com\/es\/formacion-y-comunicacion\/","title":{"rendered":"Formaci\u00f3n y comunicaci\u00f3n"},"content":{"rendered":"<p>Emprender y gestionar una empresa no es tarea f\u00e1cil: se requiere un alto conocimiento de \u00e1mbitos muy diversos y una gran dosis de motivaci\u00f3n.<\/p>\n<p>Este apartado est\u00e1 dirigido a entidades y a empresas que promueven la formaci\u00f3n y la difusi\u00f3n sobre emprendimiento y consolidaci\u00f3n de empresas.<\/p>\n<p>Realizamos conferencias y talleres sobre diferentes \u00e1mbitos relacionados con la creaci\u00f3n y la consolidaci\u00f3n de empresas, para proporcionar a los participantes las herramientas y los conocimientos necesarios para desarrollar su tarea.<\/p>\n<hr class=\"no_line\" style=\"margin: 0 auto 0px auto\"\/>\n\n<p>[section padding=\u00bb30px 0&#8243;]<\/p>\n<div class=\"column two-third mobile-one\"><div class=\"mcb-column-inner\"><\/p>\n<h2 class=\"highlight\">Consulta nuestra pr\u00f3xima conferencia o formaci\u00f3n<\/h2>\n<p>Consulta en nuestro calendario de formaciones qu\u00e9 cursos hemos programado para los pr\u00f3ximos meses<\/p>\n<p><\/div><\/div>\n\n<p>[one_third_last]\t\t<div class=\"em em-view-container\" id=\"em-view-2137943103\" data-view=\"calendar\">\r\n\t\t\t<div class=\"em pixelbones em-calendar preview-modal responsive-dateclick-modal size-small this-month\" data-scope=\"all\" data-preview-tooltips-trigger=\"\" id=\"em-calendar-2137943103\" data-view-id=\"2137943103\" data-view-type=\"calendar\" data-month=\"04\" data-year=\"2026\" data-timezone=\"\">\n\t<section class=\"em-cal-nav em-cal-nav-normal\">\n\t\t\t<div class=\"month input\">\n\t\t\t\t\t<form action=\"\" method=\"get\">\n\t\t\t\t<input type=\"month\" class=\"em-month-picker\" value=\"2026-04\" data-month-value=\"Abr 2026\">\n\t\t\t\t<span class=\"toggle\"><\/span>\n\t\t\t<\/form>\n\t\t\t<\/div>\n\t\t\t<div class=\"month-nav input\">\n\t\t<a class=\"em-calnav em-calnav-prev\" href=\"\/es\/wp-json\/wp\/v2\/pages\/4907?mo=3&#038;yr=2026\" data-disabled=\"0\" >\n\t\t\t<svg viewBox=\"0 0 15 15\" xmlns=\"http:\/\/www.w3.org\/2000\/svg\"><path d=\"M10 14L3 7.5L10 1\" stroke=\"#555\" stroke-linecap=\"square\"><\/path><\/svg>\n\t\t<\/a>\n\t\t\t\t\t<a href=\"\" class=\"em-calnav-today button button-secondary size-large size-medium is-today\" >\n\t\t\t\tHoy\t\t\t<\/a>\n\t\t\t\t<a class=\"em-calnav em-calnav-next\" href=\"\/es\/wp-json\/wp\/v2\/pages\/4907?mo=5&#038;yr=2026\" data-disabled=\"0\" >\n\t\t\t<svg viewBox=\"0 0 15 15\" xmlns=\"http:\/\/www.w3.org\/2000\/svg\"><path d=\"M5 14L12 7.5L5 1\" stroke=\"#555\" stroke-linecap=\"square\"><\/path><\/svg>\n\t\t<\/a>\n\t<\/div>\n\t<\/section><section class=\"em-cal-head em-cal-week-days em-cal-days size-large\">\n\t\t\t<div class=\"em-cal-day em-cal-col-0\">Lun<\/div>\n\t\t\t\t<div class=\"em-cal-day em-cal-col-1\">Mar<\/div>\n\t\t\t\t<div class=\"em-cal-day em-cal-col-2\">Mi\u00e9<\/div>\n\t\t\t\t<div class=\"em-cal-day em-cal-col-3\">Jue<\/div>\n\t\t\t\t<div class=\"em-cal-day em-cal-col-4\">Vie<\/div>\n\t\t\t\t<div class=\"em-cal-day em-cal-col-5\">S\u00e1b<\/div>\n\t\t\t\t<div class=\"em-cal-day em-cal-col-6\">Dom<\/div>\n\t\t<\/section>\n<section class=\"em-cal-head em-cal-week-days em-cal-days size-small size-medium\">\n\t\t\t<div class=\"em-cal-day em-cal-col-0\">l<\/div>\n\t\t\t\t<div class=\"em-cal-day em-cal-col-1\">m<\/div>\n\t\t\t\t<div class=\"em-cal-day em-cal-col-2\">m<\/div>\n\t\t\t\t<div class=\"em-cal-day em-cal-col-3\">j<\/div>\n\t\t\t\t<div class=\"em-cal-day em-cal-col-4\">v<\/div>\n\t\t\t\t<div class=\"em-cal-day em-cal-col-5\">s<\/div>\n\t\t\t\t<div class=\"em-cal-day em-cal-col-6\">d<\/div>\n\t\t<\/section><section class=\"em-cal-body em-cal-days event-style-pill even-aspect\">\n\t\t\t<div class=\"eventful eventful-pre em-cal-day em-cal-col-1\">\n\t\t\t\t\t\t\t<div class=\"em-cal-day-date colored\" data-date=\"2026-03-30\" data-timestamp=\"1774828800\" >\n\t\t\t\t\t<a href=\"https:\/\/www.elisabetbach.com\/es\/formacio\/como-poner-precio-a-tus-servicios-profesionales-y-cobrar-lo-que-mereces-sesion-2-7\/\" title=\"C\u00f3mo poner precio a tus servicios profesionales y cobrar lo que mereces (Sesi\u00f3n 2)\">30<\/a>\n\t\t\t\t\t\t\t\t\t<\/div>\n\t\t\t\t\t\t\t\t\t\t<div class=\"em-cal-event\" style=\"--event-background-color:#a8d144;;--event-border-color:#a8d144;;--event-color:#fff;\" data-event-url=\"https:\/\/www.elisabetbach.com\/es\/formacio\/como-poner-precio-a-tus-servicios-profesionales-y-cobrar-lo-que-mereces-sesion-2-7\/\" data-event-id=\"332\">\n\t\t\t\t\t\t\t<div>9:30 AM - <a href=\"https:\/\/www.elisabetbach.com\/es\/formacio\/como-poner-precio-a-tus-servicios-profesionales-y-cobrar-lo-que-mereces-sesion-2-7\/\">C\u00f3mo poner precio a tus servicios profesionales y cobrar lo que mereces (Sesi\u00f3n 2)<\/a><\/div>\n\t\t\t\t\t\t<\/div>\n\t\t\t\t\t\t\t\t\t\t\t<span class=\"date-day-colors\" data-colors=\"[&quot;#a8d144&quot;]\"><\/span>\n\t\t\t\t\t\t\t\t\t\t\t\t\n\t\t\t\t\t<\/div>\n\t\t\t\t<div class=\"eventless-pre em-cal-day em-cal-col-2\">\n\t\t\t\t\t\t\t<div class=\"em-cal-day-date\">\n\t\t\t\t\t<span>31<\/span>\n\t\t\t\t<\/div>\n\t\t\t\t\t<\/div>\n\t\t\t\t<div class=\"eventless em-cal-day em-cal-col-3\">\n\t\t\t\t\t\t\t<div class=\"em-cal-day-date\">\n\t\t\t\t\t<span>1<\/span>\n\t\t\t\t<\/div>\n\t\t\t\t\t<\/div>\n\t\t\t\t<div class=\"eventless em-cal-day em-cal-col-4\">\n\t\t\t\t\t\t\t<div class=\"em-cal-day-date\">\n\t\t\t\t\t<span>2<\/span>\n\t\t\t\t<\/div>\n\t\t\t\t\t<\/div>\n\t\t\t\t<div class=\"eventless em-cal-day em-cal-col-5\">\n\t\t\t\t\t\t\t<div class=\"em-cal-day-date\">\n\t\t\t\t\t<span>3<\/span>\n\t\t\t\t<\/div>\n\t\t\t\t\t<\/div>\n\t\t\t\t<div class=\"eventless em-cal-day em-cal-col-6\">\n\t\t\t\t\t\t\t<div class=\"em-cal-day-date\">\n\t\t\t\t\t<span>4<\/span>\n\t\t\t\t<\/div>\n\t\t\t\t\t<\/div>\n\t\t\t\t<div class=\"eventless em-cal-day em-cal-col-7\">\n\t\t\t\t\t\t\t<div class=\"em-cal-day-date\">\n\t\t\t\t\t<span>5<\/span>\n\t\t\t\t<\/div>\n\t\t\t\t\t<\/div>\n\t\t\t\t<div class=\"eventless em-cal-day em-cal-col-1\">\n\t\t\t\t\t\t\t<div class=\"em-cal-day-date\">\n\t\t\t\t\t<span>6<\/span>\n\t\t\t\t<\/div>\n\t\t\t\t\t<\/div>\n\t\t\t\t<div class=\"eventless em-cal-day em-cal-col-2\">\n\t\t\t\t\t\t\t<div class=\"em-cal-day-date\">\n\t\t\t\t\t<span>7<\/span>\n\t\t\t\t<\/div>\n\t\t\t\t\t<\/div>\n\t\t\t\t<div class=\"eventless em-cal-day em-cal-col-3\">\n\t\t\t\t\t\t\t<div class=\"em-cal-day-date\">\n\t\t\t\t\t<span>8<\/span>\n\t\t\t\t<\/div>\n\t\t\t\t\t<\/div>\n\t\t\t\t<div class=\"eventless em-cal-day em-cal-col-4\">\n\t\t\t\t\t\t\t<div class=\"em-cal-day-date\">\n\t\t\t\t\t<span>9<\/span>\n\t\t\t\t<\/div>\n\t\t\t\t\t<\/div>\n\t\t\t\t<div class=\"eventless em-cal-day em-cal-col-5\">\n\t\t\t\t\t\t\t<div class=\"em-cal-day-date\">\n\t\t\t\t\t<span>10<\/span>\n\t\t\t\t<\/div>\n\t\t\t\t\t<\/div>\n\t\t\t\t<div class=\"eventless em-cal-day em-cal-col-6\">\n\t\t\t\t\t\t\t<div class=\"em-cal-day-date\">\n\t\t\t\t\t<span>11<\/span>\n\t\t\t\t<\/div>\n\t\t\t\t\t<\/div>\n\t\t\t\t<div class=\"eventless em-cal-day em-cal-col-7\">\n\t\t\t\t\t\t\t<div class=\"em-cal-day-date\">\n\t\t\t\t\t<span>12<\/span>\n\t\t\t\t<\/div>\n\t\t\t\t\t<\/div>\n\t\t\t\t<div class=\"eventless em-cal-day em-cal-col-1\">\n\t\t\t\t\t\t\t<div class=\"em-cal-day-date\">\n\t\t\t\t\t<span>13<\/span>\n\t\t\t\t<\/div>\n\t\t\t\t\t<\/div>\n\t\t\t\t<div class=\"eventless em-cal-day em-cal-col-2\">\n\t\t\t\t\t\t\t<div class=\"em-cal-day-date\">\n\t\t\t\t\t<span>14<\/span>\n\t\t\t\t<\/div>\n\t\t\t\t\t<\/div>\n\t\t\t\t<div class=\"eventless em-cal-day em-cal-col-3\">\n\t\t\t\t\t\t\t<div class=\"em-cal-day-date\">\n\t\t\t\t\t<span>15<\/span>\n\t\t\t\t<\/div>\n\t\t\t\t\t<\/div>\n\t\t\t\t<div class=\"eventless em-cal-day em-cal-col-4\">\n\t\t\t\t\t\t\t<div class=\"em-cal-day-date\">\n\t\t\t\t\t<span>16<\/span>\n\t\t\t\t<\/div>\n\t\t\t\t\t<\/div>\n\t\t\t\t<div class=\"eventless em-cal-day em-cal-col-5\">\n\t\t\t\t\t\t\t<div class=\"em-cal-day-date\">\n\t\t\t\t\t<span>17<\/span>\n\t\t\t\t<\/div>\n\t\t\t\t\t<\/div>\n\t\t\t\t<div class=\"eventless em-cal-day em-cal-col-6\">\n\t\t\t\t\t\t\t<div class=\"em-cal-day-date\">\n\t\t\t\t\t<span>18<\/span>\n\t\t\t\t<\/div>\n\t\t\t\t\t<\/div>\n\t\t\t\t<div class=\"eventless em-cal-day em-cal-col-7\">\n\t\t\t\t\t\t\t<div class=\"em-cal-day-date\">\n\t\t\t\t\t<span>19<\/span>\n\t\t\t\t<\/div>\n\t\t\t\t\t<\/div>\n\t\t\t\t<div class=\"eventful eventful em-cal-day em-cal-col-1\">\n\t\t\t\t\t\t\t<div class=\"em-cal-day-date colored\" data-date=\"2026-04-20\" data-timestamp=\"1776643200\" >\n\t\t\t\t\t<a href=\"https:\/\/www.elisabetbach.com\/es\/formacio\/empodera-tus-finanzas-domina-la-gestion-economica-del-negocio-con-exito-sesion-1-8\/\" title=\"Empodera tus finanzas: domina la gesti\u00f3n econ\u00f3mica del negocio con \u00e9xito (sesi\u00f3n 1)\">20<\/a>\n\t\t\t\t\t\t\t\t\t<\/div>\n\t\t\t\t\t\t\t\t\t\t<div class=\"em-cal-event\" style=\"--event-background-color:#a8d144;;--event-border-color:#a8d144;;--event-color:#fff;\" data-event-url=\"https:\/\/www.elisabetbach.com\/es\/formacio\/empodera-tus-finanzas-domina-la-gestion-economica-del-negocio-con-exito-sesion-1-8\/\" data-event-id=\"308\">\n\t\t\t\t\t\t\t<div>3:30 PM - <a href=\"https:\/\/www.elisabetbach.com\/es\/formacio\/empodera-tus-finanzas-domina-la-gestion-economica-del-negocio-con-exito-sesion-1-8\/\">Empodera tus finanzas: domina la gesti\u00f3n econ\u00f3mica del negocio con \u00e9xito (sesi\u00f3n 1)<\/a><\/div>\n\t\t\t\t\t\t<\/div>\n\t\t\t\t\t\t\t\t\t\t\t<span class=\"date-day-colors\" data-colors=\"[&quot;#a8d144&quot;]\"><\/span>\n\t\t\t\t\t\t\t\t\t\t\t\t\n\t\t\t\t\t<\/div>\n\t\t\t\t<div class=\"eventless em-cal-day em-cal-col-2\">\n\t\t\t\t\t\t\t<div class=\"em-cal-day-date\">\n\t\t\t\t\t<span>21<\/span>\n\t\t\t\t<\/div>\n\t\t\t\t\t<\/div>\n\t\t\t\t<div class=\"eventful eventful em-cal-day em-cal-col-3\">\n\t\t\t\t\t\t\t<div class=\"em-cal-day-date colored\" data-date=\"2026-04-22\" data-timestamp=\"1776816000\" >\n\t\t\t\t\t<a href=\"https:\/\/www.elisabetbach.com\/es\/formacio\/empodera-tus-finanzas-domina-la-gestion-economica-del-negocio-con-exito-sesion-1-9\/\" title=\"Empodera tus finanzas: domina la gesti\u00f3n econ\u00f3mica del negocio con \u00e9xito (sesi\u00f3n 2)\">22<\/a>\n\t\t\t\t\t\t\t\t\t<\/div>\n\t\t\t\t\t\t\t\t\t\t<div class=\"em-cal-event\" style=\"--event-background-color:#a8d144;;--event-border-color:#a8d144;;--event-color:#fff;\" data-event-url=\"https:\/\/www.elisabetbach.com\/es\/formacio\/empodera-tus-finanzas-domina-la-gestion-economica-del-negocio-con-exito-sesion-1-9\/\" data-event-id=\"310\">\n\t\t\t\t\t\t\t<div>3:30 PM - <a href=\"https:\/\/www.elisabetbach.com\/es\/formacio\/empodera-tus-finanzas-domina-la-gestion-economica-del-negocio-con-exito-sesion-1-9\/\">Empodera tus finanzas: domina la gesti\u00f3n econ\u00f3mica del negocio con \u00e9xito (sesi\u00f3n 2)<\/a><\/div>\n\t\t\t\t\t\t<\/div>\n\t\t\t\t\t\t\t\t\t\t\t<span class=\"date-day-colors\" data-colors=\"[&quot;#a8d144&quot;]\"><\/span>\n\t\t\t\t\t\t\t\t\t\t\t\t\n\t\t\t\t\t<\/div>\n\t\t\t\t<div class=\"eventless em-cal-day em-cal-col-4\">\n\t\t\t\t\t\t\t<div class=\"em-cal-day-date\">\n\t\t\t\t\t<span>23<\/span>\n\t\t\t\t<\/div>\n\t\t\t\t\t<\/div>\n\t\t\t\t<div class=\"eventless em-cal-day em-cal-col-5\">\n\t\t\t\t\t\t\t<div class=\"em-cal-day-date\">\n\t\t\t\t\t<span>24<\/span>\n\t\t\t\t<\/div>\n\t\t\t\t\t<\/div>\n\t\t\t\t<div class=\"eventless em-cal-day em-cal-col-6\">\n\t\t\t\t\t\t\t<div class=\"em-cal-day-date\">\n\t\t\t\t\t<span>25<\/span>\n\t\t\t\t<\/div>\n\t\t\t\t\t<\/div>\n\t\t\t\t<div class=\"eventless em-cal-day em-cal-col-7\">\n\t\t\t\t\t\t\t<div class=\"em-cal-day-date\">\n\t\t\t\t\t<span>26<\/span>\n\t\t\t\t<\/div>\n\t\t\t\t\t<\/div>\n\t\t\t\t<div class=\"eventful eventful em-cal-day em-cal-col-1\">\n\t\t\t\t\t\t\t<div class=\"em-cal-day-date colored\" data-date=\"2026-04-27\" data-timestamp=\"1777248000\" >\n\t\t\t\t\t<a href=\"https:\/\/www.elisabetbach.com\/es\/formacio\/empodera-tus-finanzas-domina-la-gestion-economica-del-negocio-con-exito-sesion-3\/\" title=\"Empodera tus finanzas: domina la gesti\u00f3n econ\u00f3mica del negocio con \u00e9xito (sesi\u00f3n 3)\">27<\/a>\n\t\t\t\t\t\t\t\t\t<\/div>\n\t\t\t\t\t\t\t\t\t\t<div class=\"em-cal-event\" style=\"--event-background-color:#a8d144;;--event-border-color:#a8d144;;--event-color:#fff;\" data-event-url=\"https:\/\/www.elisabetbach.com\/es\/formacio\/empodera-tus-finanzas-domina-la-gestion-economica-del-negocio-con-exito-sesion-3\/\" data-event-id=\"312\">\n\t\t\t\t\t\t\t<div>3:30 PM - <a href=\"https:\/\/www.elisabetbach.com\/es\/formacio\/empodera-tus-finanzas-domina-la-gestion-economica-del-negocio-con-exito-sesion-3\/\">Empodera tus finanzas: domina la gesti\u00f3n econ\u00f3mica del negocio con \u00e9xito (sesi\u00f3n 3)<\/a><\/div>\n\t\t\t\t\t\t<\/div>\n\t\t\t\t\t\t\t\t\t\t\t<span class=\"date-day-colors\" data-colors=\"[&quot;#a8d144&quot;]\"><\/span>\n\t\t\t\t\t\t\t\t\t\t\t\t\n\t\t\t\t\t<\/div>\n\t\t\t\t<div class=\"eventful eventful em-cal-day em-cal-col-2\">\n\t\t\t\t\t\t\t<div class=\"em-cal-day-date colored\" data-date=\"2026-04-28\" data-timestamp=\"1777334400\" >\n\t\t\t\t\t<a href=\"https:\/\/www.elisabetbach.com\/es\/formacio\/como-las-personas-emprendedoras-y-las-microempresas-pueden-encontrar-financiacion-para-nuevos-proyectos-8\/\" title=\"Como las personas emprendedoras y las microempresas pueden encontrar financiaci\u00f3n para nuevos proyectos\">28<\/a>\n\t\t\t\t\t\t\t\t\t<\/div>\n\t\t\t\t\t\t\t\t\t\t<div class=\"em-cal-event\" style=\"--event-background-color:#a8d144;;--event-border-color:#a8d144;;--event-color:#fff;\" data-event-url=\"https:\/\/www.elisabetbach.com\/es\/formacio\/como-las-personas-emprendedoras-y-las-microempresas-pueden-encontrar-financiacion-para-nuevos-proyectos-8\/\" data-event-id=\"334\">\n\t\t\t\t\t\t\t<div>9:30 AM - <a href=\"https:\/\/www.elisabetbach.com\/es\/formacio\/como-las-personas-emprendedoras-y-las-microempresas-pueden-encontrar-financiacion-para-nuevos-proyectos-8\/\">Como las personas emprendedoras y las microempresas pueden encontrar financiaci\u00f3n para nuevos proyectos<\/a><\/div>\n\t\t\t\t\t\t<\/div>\n\t\t\t\t\t\t\t\t\t\t\t<span class=\"date-day-colors\" data-colors=\"[&quot;#a8d144&quot;]\"><\/span>\n\t\t\t\t\t\t\t\t\t\t\t\t\n\t\t\t\t\t<\/div>\n\t\t\t\t<div class=\"eventless em-cal-day em-cal-col-3\">\n\t\t\t\t\t\t\t<div class=\"em-cal-day-date\">\n\t\t\t\t\t<span>29<\/span>\n\t\t\t\t<\/div>\n\t\t\t\t\t<\/div>\n\t\t\t\t<div class=\"eventless-today em-cal-day em-cal-col-4\">\n\t\t\t\t\t\t\t<div class=\"em-cal-day-date\">\n\t\t\t\t\t<span>30<\/span>\n\t\t\t\t<\/div>\n\t\t\t\t\t<\/div>\n\t\t\t\t<div class=\"eventless-post em-cal-day em-cal-col-5\">\n\t\t\t\t\t\t\t<div class=\"em-cal-day-date\">\n\t\t\t\t\t<span>1<\/span>\n\t\t\t\t<\/div>\n\t\t\t\t\t<\/div>\n\t\t\t\t<div class=\"eventless-post em-cal-day em-cal-col-6\">\n\t\t\t\t\t\t\t<div class=\"em-cal-day-date\">\n\t\t\t\t\t<span>2<\/span>\n\t\t\t\t<\/div>\n\t\t\t\t\t<\/div>\n\t\t\t\t<div class=\"eventless-post em-cal-day em-cal-col-7\">\n\t\t\t\t\t\t\t<div class=\"em-cal-day-date\">\n\t\t\t\t\t<span>3<\/span>\n\t\t\t\t<\/div>\n\t\t\t\t\t<\/div>\n\t\t<\/section><section class=\"em-cal-events-content\" id=\"em-cal-events-content-2137943103\">\n\t\t\t\t\t\t\t\t<div class=\"em pixelbones em-calendar-preview em-modal em-cal-event-content\" data-event-id=\"332\" data-parent=\"em-cal-events-content-2137943103\">\n\t<div class=\"em-modal-popup\">\n\t\t<header>\n\t\t\t<a class=\"em-close-modal\"><\/a><!-- close modal -->\n\t\t\t<div class=\"em-modal-title\">\n\t\t\t\t<a href=\"https:\/\/www.elisabetbach.com\/es\/formacio\/como-poner-precio-a-tus-servicios-profesionales-y-cobrar-lo-que-mereces-sesion-2-7\/\">C\u00f3mo poner precio a tus servicios profesionales y cobrar lo que mereces (Sesi\u00f3n 2)<\/a>\t\t\t<\/div>\n\t\t<\/header>\n\t\t<div class=\"em-modal-content\">\n\t\t\t<div class=\"em pixelbones em-calendar-preview em-list em-events-list\">\n\t<div class=\"em-event em-item\" style=\"--default-border:#_CATEGORYCOLOR;\">\n\t\t<div class=\"em-item-image \">\n\t\t\t\n\t\t\t<img src='https:\/\/www.elisabetbach.com\/wp-content\/uploads\/2026\/01\/Image-2026-01-15T121006.143-e1768558884757.jpg' alt='C\u00f3mo poner precio a tus servicios profesionales y cobrar lo que mereces (Sesi\u00f3n 2)'\/>\n\t\t\t\n\t\t\t\n\t\t<\/div>\n\t\t<div class=\"em-item-info\">\n\t\t\t<div class=\"em-event-meta em-item-meta\">\n\t\t\t\t<div class=\"em-item-meta-line em-event-date em-event-meta-datetime\">\n\t\t\t\t\t<span class=\"em-icon-calendar em-icon\"><\/span>\n\t\t\t\t\t30\/03\/2026&nbsp;&nbsp;&nbsp;&nbsp;\n\t\t\t\t<\/div>\n\t\t\t\t<div class=\"em-item-meta-line em-event-time em-event-meta-datetime\">\n\t\t\t\t\t<span class=\"em-icon-clock em-icon\"><\/span>\n\t\t\t\t\t9:30 - 13:30\n\t\t\t\t<\/div>\n\t\t\t\t\n\t\t\t\t\n\t\t\t\t\n\t\t\t\t\n\t\t\t\t\n\t\t\t<\/div>\n\t\t\t<div class=\"em-item-desc\">\n\t\t\t\tDirigido a: Emprendedores y emprendedoras,\u00a0profesionales\u00a0aut\u00f3nomos\u00a0y\u00a0microempresas\u00a0que presten servicios profesionales. Objetivos: Conocer los \u00e1mbitos a tener en cuenta en la fijaci\u00f3n de precio de los servicios profesionales. [...]\n\t\t\t<\/div>\n\t\t\t<div class=\"em-item-actions input\">\n\t\t\t\t<a class=\"em-item-read-more button\" href=\"https:\/\/www.elisabetbach.com\/es\/formacio\/como-poner-precio-a-tus-servicios-profesionales-y-cobrar-lo-que-mereces-sesion-2-7\/\">More Info<\/a>\n\t\t\t\t\n\t\t\t<\/div>\n\t\t<\/div>\n\t<\/div>\n<\/div>\t\t<\/div><!-- content -->\n\t\n\t<\/div><!-- modal -->\n<\/div>\t\t\t\t\t<div class=\"em pixelbones em-calendar-preview em-modal em-cal-event-content\" data-event-id=\"308\" data-parent=\"em-cal-events-content-2137943103\">\n\t<div class=\"em-modal-popup\">\n\t\t<header>\n\t\t\t<a class=\"em-close-modal\"><\/a><!-- close modal -->\n\t\t\t<div class=\"em-modal-title\">\n\t\t\t\t<a href=\"https:\/\/www.elisabetbach.com\/es\/formacio\/empodera-tus-finanzas-domina-la-gestion-economica-del-negocio-con-exito-sesion-1-8\/\">Empodera tus finanzas: domina la gesti\u00f3n econ\u00f3mica del negocio con \u00e9xito (sesi\u00f3n 1)<\/a>\t\t\t<\/div>\n\t\t<\/header>\n\t\t<div class=\"em-modal-content\">\n\t\t\t<div class=\"em pixelbones em-calendar-preview em-list em-events-list\">\n\t<div class=\"em-event em-item\" style=\"--default-border:#_CATEGORYCOLOR;\">\n\t\t<div class=\"em-item-image \">\n\t\t\t\n\t\t\t<img src='https:\/\/www.elisabetbach.com\/wp-content\/uploads\/2025\/04\/Millora-la-gestio-de-negoci-amb-canvis-petits-pero-clau.png' alt='Empodera tus finanzas: domina la gesti\u00f3n econ\u00f3mica del negocio con \u00e9xito (sesi\u00f3n 1)'\/>\n\t\t\t\n\t\t\t\n\t\t<\/div>\n\t\t<div class=\"em-item-info\">\n\t\t\t<div class=\"em-event-meta em-item-meta\">\n\t\t\t\t<div class=\"em-item-meta-line em-event-date em-event-meta-datetime\">\n\t\t\t\t\t<span class=\"em-icon-calendar em-icon\"><\/span>\n\t\t\t\t\t20\/04\/2026&nbsp;&nbsp;&nbsp;&nbsp;\n\t\t\t\t<\/div>\n\t\t\t\t<div class=\"em-item-meta-line em-event-time em-event-meta-datetime\">\n\t\t\t\t\t<span class=\"em-icon-clock em-icon\"><\/span>\n\t\t\t\t\t15:30 - 18:30\n\t\t\t\t<\/div>\n\t\t\t\t\n\t\t\t\t\n\t\t\t\t\n\t\t\t\t\n\t\t\t\t\n\t\t\t<\/div>\n\t\t\t<div class=\"em-item-desc\">\n\t\t\t\tDirigido a\u00a0 Personas profesionales que gestionan su negocio y microempresas, que quieren profundizar en la gesti\u00f3n econ\u00f3mica para tomar decisiones basadas en los propios datos [...]\n\t\t\t<\/div>\n\t\t\t<div class=\"em-item-actions input\">\n\t\t\t\t<a class=\"em-item-read-more button\" href=\"https:\/\/www.elisabetbach.com\/es\/formacio\/empodera-tus-finanzas-domina-la-gestion-economica-del-negocio-con-exito-sesion-1-8\/\">More Info<\/a>\n\t\t\t\t\n\t\t\t<\/div>\n\t\t<\/div>\n\t<\/div>\n<\/div>\t\t<\/div><!-- content -->\n\t\n\t<\/div><!-- modal -->\n<\/div>\t\t\t\t\t<div class=\"em pixelbones em-calendar-preview em-modal em-cal-event-content\" data-event-id=\"310\" data-parent=\"em-cal-events-content-2137943103\">\n\t<div class=\"em-modal-popup\">\n\t\t<header>\n\t\t\t<a class=\"em-close-modal\"><\/a><!-- close modal -->\n\t\t\t<div class=\"em-modal-title\">\n\t\t\t\t<a href=\"https:\/\/www.elisabetbach.com\/es\/formacio\/empodera-tus-finanzas-domina-la-gestion-economica-del-negocio-con-exito-sesion-1-9\/\">Empodera tus finanzas: domina la gesti\u00f3n econ\u00f3mica del negocio con \u00e9xito (sesi\u00f3n 2)<\/a>\t\t\t<\/div>\n\t\t<\/header>\n\t\t<div class=\"em-modal-content\">\n\t\t\t<div class=\"em pixelbones em-calendar-preview em-list em-events-list\">\n\t<div class=\"em-event em-item\" style=\"--default-border:#_CATEGORYCOLOR;\">\n\t\t<div class=\"em-item-image \">\n\t\t\t\n\t\t\t<img src='https:\/\/www.elisabetbach.com\/wp-content\/uploads\/2025\/04\/Millora-la-gestio-de-negoci-amb-canvis-petits-pero-clau.png' alt='Empodera tus finanzas: domina la gesti\u00f3n econ\u00f3mica del negocio con \u00e9xito (sesi\u00f3n 2)'\/>\n\t\t\t\n\t\t\t\n\t\t<\/div>\n\t\t<div class=\"em-item-info\">\n\t\t\t<div class=\"em-event-meta em-item-meta\">\n\t\t\t\t<div class=\"em-item-meta-line em-event-date em-event-meta-datetime\">\n\t\t\t\t\t<span class=\"em-icon-calendar em-icon\"><\/span>\n\t\t\t\t\t22\/04\/2026&nbsp;&nbsp;&nbsp;&nbsp;\n\t\t\t\t<\/div>\n\t\t\t\t<div class=\"em-item-meta-line em-event-time em-event-meta-datetime\">\n\t\t\t\t\t<span class=\"em-icon-clock em-icon\"><\/span>\n\t\t\t\t\t15:30 - 18:30\n\t\t\t\t<\/div>\n\t\t\t\t\n\t\t\t\t\n\t\t\t\t\n\t\t\t\t\n\t\t\t\t\n\t\t\t<\/div>\n\t\t\t<div class=\"em-item-desc\">\n\t\t\t\tDirigido a\u00a0 Personas profesionales que gestionan su negocio y microempresas, que quieren profundizar en la gesti\u00f3n econ\u00f3mica para tomar decisiones basadas en los propios datos [...]\n\t\t\t<\/div>\n\t\t\t<div class=\"em-item-actions input\">\n\t\t\t\t<a class=\"em-item-read-more button\" href=\"https:\/\/www.elisabetbach.com\/es\/formacio\/empodera-tus-finanzas-domina-la-gestion-economica-del-negocio-con-exito-sesion-1-9\/\">More Info<\/a>\n\t\t\t\t\n\t\t\t<\/div>\n\t\t<\/div>\n\t<\/div>\n<\/div>\t\t<\/div><!-- content -->\n\t\n\t<\/div><!-- modal -->\n<\/div>\t\t\t\t\t<div class=\"em pixelbones em-calendar-preview em-modal em-cal-event-content\" data-event-id=\"312\" data-parent=\"em-cal-events-content-2137943103\">\n\t<div class=\"em-modal-popup\">\n\t\t<header>\n\t\t\t<a class=\"em-close-modal\"><\/a><!-- close modal -->\n\t\t\t<div class=\"em-modal-title\">\n\t\t\t\t<a href=\"https:\/\/www.elisabetbach.com\/es\/formacio\/empodera-tus-finanzas-domina-la-gestion-economica-del-negocio-con-exito-sesion-3\/\">Empodera tus finanzas: domina la gesti\u00f3n econ\u00f3mica del negocio con \u00e9xito (sesi\u00f3n 3)<\/a>\t\t\t<\/div>\n\t\t<\/header>\n\t\t<div class=\"em-modal-content\">\n\t\t\t<div class=\"em pixelbones em-calendar-preview em-list em-events-list\">\n\t<div class=\"em-event em-item\" style=\"--default-border:#_CATEGORYCOLOR;\">\n\t\t<div class=\"em-item-image \">\n\t\t\t\n\t\t\t<img src='https:\/\/www.elisabetbach.com\/wp-content\/uploads\/2025\/04\/Millora-la-gestio-de-negoci-amb-canvis-petits-pero-clau.png' alt='Empodera tus finanzas: domina la gesti\u00f3n econ\u00f3mica del negocio con \u00e9xito (sesi\u00f3n 3)'\/>\n\t\t\t\n\t\t\t\n\t\t<\/div>\n\t\t<div class=\"em-item-info\">\n\t\t\t<div class=\"em-event-meta em-item-meta\">\n\t\t\t\t<div class=\"em-item-meta-line em-event-date em-event-meta-datetime\">\n\t\t\t\t\t<span class=\"em-icon-calendar em-icon\"><\/span>\n\t\t\t\t\t27\/04\/2026&nbsp;&nbsp;&nbsp;&nbsp;\n\t\t\t\t<\/div>\n\t\t\t\t<div class=\"em-item-meta-line em-event-time em-event-meta-datetime\">\n\t\t\t\t\t<span class=\"em-icon-clock em-icon\"><\/span>\n\t\t\t\t\t15:30 - 17:30\n\t\t\t\t<\/div>\n\t\t\t\t\n\t\t\t\t\n\t\t\t\t\n\t\t\t\t\n\t\t\t\t\n\t\t\t<\/div>\n\t\t\t<div class=\"em-item-desc\">\n\t\t\t\tDirigido a\u00a0 Personas profesionales que gestionan su negocio y microempresas, que quieren profundizar en la gesti\u00f3n econ\u00f3mica para tomar decisiones basadas en los propios datos [...]\n\t\t\t<\/div>\n\t\t\t<div class=\"em-item-actions input\">\n\t\t\t\t<a class=\"em-item-read-more button\" href=\"https:\/\/www.elisabetbach.com\/es\/formacio\/empodera-tus-finanzas-domina-la-gestion-economica-del-negocio-con-exito-sesion-3\/\">More Info<\/a>\n\t\t\t\t\n\t\t\t<\/div>\n\t\t<\/div>\n\t<\/div>\n<\/div>\t\t<\/div><!-- content -->\n\t\n\t<\/div><!-- modal -->\n<\/div>\t\t\t\t\t<div class=\"em pixelbones em-calendar-preview em-modal em-cal-event-content\" data-event-id=\"334\" data-parent=\"em-cal-events-content-2137943103\">\n\t<div class=\"em-modal-popup\">\n\t\t<header>\n\t\t\t<a class=\"em-close-modal\"><\/a><!-- close modal -->\n\t\t\t<div class=\"em-modal-title\">\n\t\t\t\t<a href=\"https:\/\/www.elisabetbach.com\/es\/formacio\/como-las-personas-emprendedoras-y-las-microempresas-pueden-encontrar-financiacion-para-nuevos-proyectos-8\/\">Como las personas emprendedoras y las microempresas pueden encontrar financiaci\u00f3n para nuevos proyectos<\/a>\t\t\t<\/div>\n\t\t<\/header>\n\t\t<div class=\"em-modal-content\">\n\t\t\t<div class=\"em pixelbones em-calendar-preview em-list em-events-list\">\n\t<div class=\"em-event em-item\" style=\"--default-border:#_CATEGORYCOLOR;\">\n\t\t<div class=\"em-item-image \">\n\t\t\t\n\t\t\t<img src='https:\/\/www.elisabetbach.com\/wp-content\/uploads\/2026\/03\/02.2026.png' alt='Como las personas emprendedoras y las microempresas pueden encontrar financiaci\u00f3n para nuevos proyectos'\/>\n\t\t\t\n\t\t\t\n\t\t<\/div>\n\t\t<div class=\"em-item-info\">\n\t\t\t<div class=\"em-event-meta em-item-meta\">\n\t\t\t\t<div class=\"em-item-meta-line em-event-date em-event-meta-datetime\">\n\t\t\t\t\t<span class=\"em-icon-calendar em-icon\"><\/span>\n\t\t\t\t\t28\/04\/2026&nbsp;&nbsp;&nbsp;&nbsp;\n\t\t\t\t<\/div>\n\t\t\t\t<div class=\"em-item-meta-line em-event-time em-event-meta-datetime\">\n\t\t\t\t\t<span class=\"em-icon-clock em-icon\"><\/span>\n\t\t\t\t\t9:30 - 13:30\n\t\t\t\t<\/div>\n\t\t\t\t\n\t\t\t\t\n\t\t\t\t\n\t\t\t\t\n\t\t\t\t\n\t\t\t<\/div>\n\t\t\t<div class=\"em-item-desc\">\n\t\t\t\tDirigido a: Personas emprendedoras y microempresas que requieren un conocimiento de las caracter\u00edsticas y usos de las diferentes alternativas de financiaci\u00f3n y productos a su [...]\n\t\t\t<\/div>\n\t\t\t<div class=\"em-item-actions input\">\n\t\t\t\t<a class=\"em-item-read-more button\" href=\"https:\/\/www.elisabetbach.com\/es\/formacio\/como-las-personas-emprendedoras-y-las-microempresas-pueden-encontrar-financiacion-para-nuevos-proyectos-8\/\">More Info<\/a>\n\t\t\t\t\n\t\t\t<\/div>\n\t\t<\/div>\n\t<\/div>\n<\/div>\t\t<\/div><!-- content -->\n\t\n\t<\/div><!-- modal -->\n<\/div>\t\t\t\t\t\t\t\t\t\t<div class=\"em pixelbones em-calendar-preview em-modal em-cal-date-content\" data-calendar-date=\"1774828800\" data-parent=\"em-cal-events-content-2137943103\">\n\t<div class=\"em-modal-popup\">\n\t\t<header>\n\t\t\t<a class=\"em-close-modal\"><\/a><!-- close modal -->\n\t\t\t<div class=\"em-modal-title\">\n\t\t\t\tEventos el 30\/03\/2026\t\t\t<\/div>\n\t\t<\/header>\n\t\t<div class=\"em-modal-content em pixelbones em-calendar-preview em-list-widget em-events-widget\">\n\t\t\t\t\t\t\t<div class=\"em-item em-event\" style=\"--default-border:#_CATEGORYCOLOR;\">\n\t<div class=\"em-item-image \" style=\"max-width:150px\">\n\t\t\n\t\t<img loading=\"lazy\" decoding=\"async\" width=\"150\" height=\"150\" src=\"https:\/\/www.elisabetbach.com\/wp-content\/uploads\/2026\/01\/Image-2026-01-15T121006.143-150x150.jpg\" class=\"attachment-150x150 size-150x150 wp-post-image\" alt=\"C\u00f3mo poner precio a tus servicios profesionales y cobrar lo que mereces (Sesi\u00f3n 2)\" \/>\n\t\t\n\t\t\n\t<\/div>\n\t<div class=\"em-item-info\">\n\t\t<div class=\"em-item-name\"><a href=\"https:\/\/www.elisabetbach.com\/es\/formacio\/como-poner-precio-a-tus-servicios-profesionales-y-cobrar-lo-que-mereces-sesion-2-7\/\">C\u00f3mo poner precio a tus servicios profesionales y cobrar lo que mereces (Sesi\u00f3n 2)<\/a><\/div>\n\t\t<div class=\"em-item-meta\">\n\t\t\t<div class=\"em-item-meta-line em-event-date em-event-meta-datetime\">\n\t\t\t\t<span class=\"em-icon em-icon-calendar\"><\/span>\n\t\t\t\t<span>30 Mar 26<\/span>\n\t\t\t<\/div>\n\t\t\t<div class=\"em-item-meta-line em-event-location em-event-meta-location\">\n\t\t\t\t<span class=\"em-icon em-icon-location\"><\/span>\n\t\t\t\t<span><\/span>\n\t\t\t<\/div>\n\t\t<\/div>\n\t<\/div>\n<\/div>\t\t\t\t\t<\/div><!-- content -->\n\t\t\t<\/div><!-- modal -->\n<\/div>\t\t\t\t\t\t\t\t\t\t\t\t\t\t\t\t\t\t\t\t\t\t\t\t\t\t\t\t\t\t\t\t\t\t\t\t\t\t\t\t\t\t\t\t\t\t\t\t\t\t\t\t\t\t\t\t\t\t\t\t\t\t\t\t\t\t\t\t<div class=\"em pixelbones em-calendar-preview em-modal em-cal-date-content\" data-calendar-date=\"1776643200\" data-parent=\"em-cal-events-content-2137943103\">\n\t<div class=\"em-modal-popup\">\n\t\t<header>\n\t\t\t<a class=\"em-close-modal\"><\/a><!-- close modal -->\n\t\t\t<div class=\"em-modal-title\">\n\t\t\t\tEventos el 20\/04\/2026\t\t\t<\/div>\n\t\t<\/header>\n\t\t<div class=\"em-modal-content em pixelbones em-calendar-preview em-list-widget em-events-widget\">\n\t\t\t\t\t\t\t<div class=\"em-item em-event\" style=\"--default-border:#_CATEGORYCOLOR;\">\n\t<div class=\"em-item-image \" style=\"max-width:150px\">\n\t\t\n\t\t<img loading=\"lazy\" decoding=\"async\" width=\"150\" height=\"150\" src=\"https:\/\/www.elisabetbach.com\/wp-content\/uploads\/2025\/04\/Millora-la-gestio-de-negoci-amb-canvis-petits-pero-clau-150x150.png\" class=\"attachment-150x150 size-150x150 wp-post-image\" alt=\"Empodera tus finanzas: domina la gesti\u00f3n econ\u00f3mica del negocio con \u00e9xito (sesi\u00f3n 1)\" \/>\n\t\t\n\t\t\n\t<\/div>\n\t<div class=\"em-item-info\">\n\t\t<div class=\"em-item-name\"><a href=\"https:\/\/www.elisabetbach.com\/es\/formacio\/empodera-tus-finanzas-domina-la-gestion-economica-del-negocio-con-exito-sesion-1-8\/\">Empodera tus finanzas: domina la gesti\u00f3n econ\u00f3mica del negocio con \u00e9xito (sesi\u00f3n 1)<\/a><\/div>\n\t\t<div class=\"em-item-meta\">\n\t\t\t<div class=\"em-item-meta-line em-event-date em-event-meta-datetime\">\n\t\t\t\t<span class=\"em-icon em-icon-calendar\"><\/span>\n\t\t\t\t<span>20 Abr 26<\/span>\n\t\t\t<\/div>\n\t\t\t<div class=\"em-item-meta-line em-event-location em-event-meta-location\">\n\t\t\t\t<span class=\"em-icon em-icon-location\"><\/span>\n\t\t\t\t<span><\/span>\n\t\t\t<\/div>\n\t\t<\/div>\n\t<\/div>\n<\/div>\t\t\t\t\t<\/div><!-- content -->\n\t\t\t<\/div><!-- modal -->\n<\/div>\t\t\t\t\t\t\t\t\t\t\t<div class=\"em pixelbones em-calendar-preview em-modal em-cal-date-content\" data-calendar-date=\"1776816000\" data-parent=\"em-cal-events-content-2137943103\">\n\t<div class=\"em-modal-popup\">\n\t\t<header>\n\t\t\t<a class=\"em-close-modal\"><\/a><!-- close modal -->\n\t\t\t<div class=\"em-modal-title\">\n\t\t\t\tEventos el 22\/04\/2026\t\t\t<\/div>\n\t\t<\/header>\n\t\t<div class=\"em-modal-content em pixelbones em-calendar-preview em-list-widget em-events-widget\">\n\t\t\t\t\t\t\t<div class=\"em-item em-event\" style=\"--default-border:#_CATEGORYCOLOR;\">\n\t<div class=\"em-item-image \" style=\"max-width:150px\">\n\t\t\n\t\t<img loading=\"lazy\" decoding=\"async\" width=\"150\" height=\"150\" src=\"https:\/\/www.elisabetbach.com\/wp-content\/uploads\/2025\/04\/Millora-la-gestio-de-negoci-amb-canvis-petits-pero-clau-150x150.png\" class=\"attachment-150x150 size-150x150 wp-post-image\" alt=\"Empodera tus finanzas: domina la gesti\u00f3n econ\u00f3mica del negocio con \u00e9xito (sesi\u00f3n 2)\" \/>\n\t\t\n\t\t\n\t<\/div>\n\t<div class=\"em-item-info\">\n\t\t<div class=\"em-item-name\"><a href=\"https:\/\/www.elisabetbach.com\/es\/formacio\/empodera-tus-finanzas-domina-la-gestion-economica-del-negocio-con-exito-sesion-1-9\/\">Empodera tus finanzas: domina la gesti\u00f3n econ\u00f3mica del negocio con \u00e9xito (sesi\u00f3n 2)<\/a><\/div>\n\t\t<div class=\"em-item-meta\">\n\t\t\t<div class=\"em-item-meta-line em-event-date em-event-meta-datetime\">\n\t\t\t\t<span class=\"em-icon em-icon-calendar\"><\/span>\n\t\t\t\t<span>22 Abr 26<\/span>\n\t\t\t<\/div>\n\t\t\t<div class=\"em-item-meta-line em-event-location em-event-meta-location\">\n\t\t\t\t<span class=\"em-icon em-icon-location\"><\/span>\n\t\t\t\t<span><\/span>\n\t\t\t<\/div>\n\t\t<\/div>\n\t<\/div>\n<\/div>\t\t\t\t\t<\/div><!-- content -->\n\t\t\t<\/div><!-- modal -->\n<\/div>\t\t\t\t\t\t\t\t\t\t\t\t\t\t\t\t\t\t\t\t<div class=\"em pixelbones em-calendar-preview em-modal em-cal-date-content\" data-calendar-date=\"1777248000\" data-parent=\"em-cal-events-content-2137943103\">\n\t<div class=\"em-modal-popup\">\n\t\t<header>\n\t\t\t<a class=\"em-close-modal\"><\/a><!-- close modal -->\n\t\t\t<div class=\"em-modal-title\">\n\t\t\t\tEventos el 27\/04\/2026\t\t\t<\/div>\n\t\t<\/header>\n\t\t<div class=\"em-modal-content em pixelbones em-calendar-preview em-list-widget em-events-widget\">\n\t\t\t\t\t\t\t<div class=\"em-item em-event\" style=\"--default-border:#_CATEGORYCOLOR;\">\n\t<div class=\"em-item-image \" style=\"max-width:150px\">\n\t\t\n\t\t<img loading=\"lazy\" decoding=\"async\" width=\"150\" height=\"150\" src=\"https:\/\/www.elisabetbach.com\/wp-content\/uploads\/2025\/04\/Millora-la-gestio-de-negoci-amb-canvis-petits-pero-clau-150x150.png\" class=\"attachment-150x150 size-150x150 wp-post-image\" alt=\"Empodera tus finanzas: domina la gesti\u00f3n econ\u00f3mica del negocio con \u00e9xito (sesi\u00f3n 3)\" \/>\n\t\t\n\t\t\n\t<\/div>\n\t<div class=\"em-item-info\">\n\t\t<div class=\"em-item-name\"><a href=\"https:\/\/www.elisabetbach.com\/es\/formacio\/empodera-tus-finanzas-domina-la-gestion-economica-del-negocio-con-exito-sesion-3\/\">Empodera tus finanzas: domina la gesti\u00f3n econ\u00f3mica del negocio con \u00e9xito (sesi\u00f3n 3)<\/a><\/div>\n\t\t<div class=\"em-item-meta\">\n\t\t\t<div class=\"em-item-meta-line em-event-date em-event-meta-datetime\">\n\t\t\t\t<span class=\"em-icon em-icon-calendar\"><\/span>\n\t\t\t\t<span>27 Abr 26<\/span>\n\t\t\t<\/div>\n\t\t\t<div class=\"em-item-meta-line em-event-location em-event-meta-location\">\n\t\t\t\t<span class=\"em-icon em-icon-location\"><\/span>\n\t\t\t\t<span><\/span>\n\t\t\t<\/div>\n\t\t<\/div>\n\t<\/div>\n<\/div>\t\t\t\t\t<\/div><!-- content -->\n\t\t\t<\/div><!-- modal -->\n<\/div>\t\t\t\t\t\t\t\t<div class=\"em pixelbones em-calendar-preview em-modal em-cal-date-content\" data-calendar-date=\"1777334400\" data-parent=\"em-cal-events-content-2137943103\">\n\t<div class=\"em-modal-popup\">\n\t\t<header>\n\t\t\t<a class=\"em-close-modal\"><\/a><!-- close modal -->\n\t\t\t<div class=\"em-modal-title\">\n\t\t\t\tEventos el 28\/04\/2026\t\t\t<\/div>\n\t\t<\/header>\n\t\t<div class=\"em-modal-content em pixelbones em-calendar-preview em-list-widget em-events-widget\">\n\t\t\t\t\t\t\t<div class=\"em-item em-event\" style=\"--default-border:#_CATEGORYCOLOR;\">\n\t<div class=\"em-item-image \" style=\"max-width:150px\">\n\t\t\n\t\t<img loading=\"lazy\" decoding=\"async\" width=\"150\" height=\"150\" src=\"https:\/\/www.elisabetbach.com\/wp-content\/uploads\/2026\/03\/02.2026-150x150.png\" class=\"attachment-150x150 size-150x150 wp-post-image\" alt=\"Como las personas emprendedoras y las microempresas pueden encontrar financiaci\u00f3n para nuevos proyectos\" \/>\n\t\t\n\t\t\n\t<\/div>\n\t<div class=\"em-item-info\">\n\t\t<div class=\"em-item-name\"><a href=\"https:\/\/www.elisabetbach.com\/es\/formacio\/como-las-personas-emprendedoras-y-las-microempresas-pueden-encontrar-financiacion-para-nuevos-proyectos-8\/\">Como las personas emprendedoras y las microempresas pueden encontrar financiaci\u00f3n para nuevos proyectos<\/a><\/div>\n\t\t<div class=\"em-item-meta\">\n\t\t\t<div class=\"em-item-meta-line em-event-date em-event-meta-datetime\">\n\t\t\t\t<span class=\"em-icon em-icon-calendar\"><\/span>\n\t\t\t\t<span>28 Abr 26<\/span>\n\t\t\t<\/div>\n\t\t\t<div class=\"em-item-meta-line em-event-location em-event-meta-location\">\n\t\t\t\t<span class=\"em-icon em-icon-location\"><\/span>\n\t\t\t\t<span><\/span>\n\t\t\t<\/div>\n\t\t<\/div>\n\t<\/div>\n<\/div>\t\t\t\t\t<\/div><!-- content -->\n\t\t\t<\/div><!-- modal -->\n<\/div>\t\t\t\t\t\t\t\t\t\t\t\t\t\t\t\t\t\t<\/section><\/div>\n<script>\n\t{\n\t\tlet el = document.getElementById('em-calendar-2137943103').querySelector('.em-cal-body');\n\t\tlet width = el.firstElementChild.getBoundingClientRect().width;\n\t\tif (width > 0) {\n\t\t\tel.style.setProperty('--grid-auto-rows', 'minmax(' + width + 'px, auto)');\n\t\t}\n\t}\n<\/script>\t\t\t<div class=\"em-view-custom-data\" id=\"em-view-custom-data-2137943103\">\r\n\t\t\t\t\t\t\t\t<form class=\"em-view-custom-data-search\" id=\"em-view-custom-data-search-2137943103\">\r\n\t\t\t\t\t\t\t\t\t\t<input type=\"hidden\" name=\"css\" value=\"1\">\r\n\t\t\t\t\t\t\t\t\t\t<input type=\"hidden\" name=\"search_action\" value=\"search_events\">\r\n\t\t\t\t\t\t\t\t\t\t<input type=\"hidden\" name=\"search_advanced_text\" value=\"Show Advanced Search\">\r\n\t\t\t\t\t\t\t\t\t\t<input type=\"hidden\" name=\"search_text_show\" value=\"Show Advanced Search\">\r\n\t\t\t\t\t\t\t\t\t\t<input type=\"hidden\" name=\"search_text_hide\" value=\"Hide Advanced Search\">\r\n\t\t\t\t\t\t\t\t\t\t<input type=\"hidden\" name=\"search_button\" value=\"Cerca\">\r\n\t\t\t\t\t\t\t\t\t\t<input type=\"hidden\" name=\"saved_searches\" value=\"\">\r\n\t\t\t\t\t\t\t\t\t\t<input type=\"hidden\" name=\"search_advanced_style\" value=\"accordion\">\r\n\t\t\t\t\t\t\t\t\t\t<input type=\"hidden\" name=\"search_multiselect_style\" value=\"always-open\">\r\n\t\t\t\t\t\t\t\t\t\t<input type=\"hidden\" name=\"sorting\" value=\"\">\r\n\t\t\t\t\t\t\t\t\t\t<input type=\"hidden\" name=\"search_term_main\" value=\"1\">\r\n\t\t\t\t\t\t\t\t\t\t<input type=\"hidden\" name=\"search_term\" value=\"1\">\r\n\t\t\t\t\t\t\t\t\t\t<input type=\"hidden\" name=\"search_term_label\" value=\"Cerca\">\r\n\t\t\t\t\t\t\t\t\t\t<input type=\"hidden\" name=\"search_term_advanced\" value=\"1\">\r\n\t\t\t\t\t\t\t\t\t\t<input type=\"hidden\" name=\"search_term_label_advanced\" value=\"Cerca\">\r\n\t\t\t\t\t\t\t\t\t\t<input type=\"hidden\" name=\"search_geo\" value=\"1\">\r\n\t\t\t\t\t\t\t\t\t\t<input type=\"hidden\" name=\"geo_label\" value=\"prop...\">\r\n\t\t\t\t\t\t\t\t\t\t<input type=\"hidden\" name=\"search_geo_advanced\" value=\"1\">\r\n\t\t\t\t\t\t\t\t\t\t<input type=\"hidden\" name=\"geo_label_advanced\" value=\"prop...\">\r\n\t\t\t\t\t\t\t\t\t\t<input type=\"hidden\" name=\"search_geo_units\" value=\"1\">\r\n\t\t\t\t\t\t\t\t\t\t<input type=\"hidden\" name=\"geo_units_label\" value=\"dins\">\r\n\t\t\t\t\t\t\t\t\t\t<input type=\"hidden\" name=\"geo_distance_values\" value=\"5,10,25,50,100\">\r\n\t\t\t\t\t\t\t\t\t\t<input type=\"hidden\" name=\"search_scope\" value=\"1\">\r\n\t\t\t\t\t\t\t\t\t\t<input type=\"hidden\" name=\"scope_label\" value=\"data\">\r\n\t\t\t\t\t\t\t\t\t\t<input type=\"hidden\" name=\"scope_seperator\" value=\"i\">\r\n\t\t\t\t\t\t\t\t\t\t<input type=\"hidden\" name=\"scope_format\" value=\"M j\">\r\n\t\t\t\t\t\t\t\t\t\t<input type=\"hidden\" name=\"search_scope_advanced\" value=\"1\">\r\n\t\t\t\t\t\t\t\t\t\t<input type=\"hidden\" name=\"scope_label_advanced\" value=\"data\">\r\n\t\t\t\t\t\t\t\t\t\t<input type=\"hidden\" name=\"scope_seperator_advanced\" value=\"i\">\r\n\t\t\t\t\t\t\t\t\t\t<input type=\"hidden\" name=\"scope_format_advanced\" value=\"M j\">\r\n\t\t\t\t\t\t\t\t\t\t<input type=\"hidden\" name=\"search_eventful_main\" value=\"0\">\r\n\t\t\t\t\t\t\t\t\t\t<input type=\"hidden\" name=\"search_eventful\" value=\"0\">\r\n\t\t\t\t\t\t\t\t\t\t<input type=\"hidden\" name=\"search_eventful_locations_label\" value=\"Eventful Locations?\">\r\n\t\t\t\t\t\t\t\t\t\t<input type=\"hidden\" name=\"search_eventful_locations_tooltip\" value=\"Display only locations with upcoming events.\">\r\n\t\t\t\t\t\t\t\t\t\t<input type=\"hidden\" name=\"search_categories\" value=\"1\">\r\n\t\t\t\t\t\t\t\t\t\t<input type=\"hidden\" name=\"category_label\" value=\"Categoria\">\r\n\t\t\t\t\t\t\t\t\t\t<input type=\"hidden\" name=\"categories_label\" value=\"Totes les categories\">\r\n\t\t\t\t\t\t\t\t\t\t<input type=\"hidden\" name=\"categories_placeholder\" value=\"Cercar Categories...\">\r\n\t\t\t\t\t\t\t\t\t\t<input type=\"hidden\" name=\"categories_clear_text\" value=\"Clear Selected\">\r\n\t\t\t\t\t\t\t\t\t\t<input type=\"hidden\" name=\"categories_count_text\" value=\"%d Selected\">\r\n\t\t\t\t\t\t\t\t\t\t<input type=\"hidden\" name=\"categories_include\" value=\"\">\r\n\t\t\t\t\t\t\t\t\t\t<input type=\"hidden\" name=\"categories_exclude\" value=\"\">\r\n\t\t\t\t\t\t\t\t\t\t<input type=\"hidden\" name=\"search_tags\" value=\"0\">\r\n\t\t\t\t\t\t\t\t\t\t<input type=\"hidden\" name=\"tag_label\" value=\"etiquetes\">\r\n\t\t\t\t\t\t\t\t\t\t<input type=\"hidden\" name=\"tags_label\" value=\"All Tags\">\r\n\t\t\t\t\t\t\t\t\t\t<input type=\"hidden\" name=\"tags_placeholder\" value=\"Cercar etiquetes...\">\r\n\t\t\t\t\t\t\t\t\t\t<input type=\"hidden\" name=\"tags_clear_text\" value=\"Clear Selected\">\r\n\t\t\t\t\t\t\t\t\t\t<input type=\"hidden\" name=\"tags_count_text\" value=\"%d Selected\">\r\n\t\t\t\t\t\t\t\t\t\t<input type=\"hidden\" name=\"tags_include\" value=\"\">\r\n\t\t\t\t\t\t\t\t\t\t<input type=\"hidden\" name=\"tags_exclude\" value=\"\">\r\n\t\t\t\t\t\t\t\t\t\t<input type=\"hidden\" name=\"search_countries\" value=\"1\">\r\n\t\t\t\t\t\t\t\t\t\t<input type=\"hidden\" name=\"country_label\" value=\"Pa\u00eds\">\r\n\t\t\t\t\t\t\t\t\t\t<input type=\"hidden\" name=\"countries_label\" value=\"Tots els pa\u00efsos\">\r\n\t\t\t\t\t\t\t\t\t\t<input type=\"hidden\" name=\"search_regions\" value=\"1\">\r\n\t\t\t\t\t\t\t\t\t\t<input type=\"hidden\" name=\"region_label\" value=\"regi\u00f3\">\r\n\t\t\t\t\t\t\t\t\t\t<input type=\"hidden\" name=\"search_states\" value=\"1\">\r\n\t\t\t\t\t\t\t\t\t\t<input type=\"hidden\" name=\"state_label\" value=\"Estat \/ Comtat\">\r\n\t\t\t\t\t\t\t\t\t\t<input type=\"hidden\" name=\"search_towns\" value=\"0\">\r\n\t\t\t\t\t\t\t\t\t\t<input type=\"hidden\" name=\"town_label\" value=\"Ciutat \/ Poble\">\r\n\t\t\t\t\t\t\t\t\t\t<input type=\"hidden\" name=\"show_main\" value=\"1\">\r\n\t\t\t\t\t\t\t\t\t\t<input type=\"hidden\" name=\"show_advanced\" value=\"1\">\r\n\t\t\t\t\t\t\t\t\t\t<input type=\"hidden\" name=\"advanced_mode\" value=\"modal\">\r\n\t\t\t\t\t\t\t\t\t\t<input type=\"hidden\" name=\"advanced_hidden\" value=\"1\">\r\n\t\t\t\t\t\t\t\t\t\t<input type=\"hidden\" name=\"advanced_trigger\" value=\"1\">\r\n\t\t\t\t\t\t\t\t\t\t<input type=\"hidden\" name=\"main_classes\" value=\"css-search,em-search-legacy,has-search-term,has-search-geo,has-search-main,has-advanced,advanced-hidden\">\r\n\t\t\t\t\t\t\t\t\t\t<input type=\"hidden\" name=\"css_classes_advanced\" value=\"\">\r\n\t\t\t\t\t\t\t\t\t\t<input type=\"hidden\" name=\"id\" value=\"2137943103\">\r\n\t\t\t\t\t\t\t\t\t\t<input type=\"hidden\" name=\"scope\" value=\"all\">\r\n\t\t\t\t\t\t\t\t\t\t<input type=\"hidden\" name=\"calendar_size\" value=\"\">\r\n\t\t\t\t\t\t\t\t\t\t<input type=\"hidden\" name=\"has_advanced_trigger\" value=\"0\">\r\n\t\t\t\t\t\t\t\t\t<\/form>\r\n\t\t\t\t<form class=\"em-view-custom-data-calendar\" id=\"em-view-custom-data-calendar-2137943103\">\r\n\t\t\t\t\t\t\t\t\t\t\t<input type=\"hidden\" name=\"id\" value=\"2137943103\">\r\n\t\t\t\t\t\t\t\t\t\t\t<input type=\"hidden\" name=\"scope\" value=\"all\">\r\n\t\t\t\t\t\t\t\t\t\t\t<input type=\"hidden\" name=\"calendar_size\" value=\"\">\r\n\t\t\t\t\t\t\t\t\t\t\t<input type=\"hidden\" name=\"has_advanced_trigger\" value=\"0\">\r\n\t\t\t\t\t\t\t\t\t<\/form>\r\n\t\t\t<\/div>\r\n\t\t<\/div>\r\n\t\t[\/one_third_last]<\/p>\n<p>[\/section]<\/p>\n<hr class=\"no_line\" style=\"margin: 0 auto 0px auto\"\/>\n\n<p>[section padding=\u00bb30px 0&#8243;]<\/p>\n<p>Propuestas de cursos y talleres que nos pod\u00e9is contratar:<\/p>\n<p>[whitespace height=\u00bb30&#8243;]<\/p>\n<p>[headline type=\u00bbh3&#8243; title=\u00bbCrowdsourcing, seed capital y business angels&#8230; O \u00bfcu\u00e1l es la financiaci\u00f3n privada m\u00e1s adecuada para mi proyecto?\u00bb]<\/p>\n<p><strong>Alternativas de financiaci\u00f3n privada (tambi\u00e9n denominada \u00abfinanciaci\u00f3n alternativa\u00bb)<\/strong> para las empresas, m\u00e1s all\u00e1 de las opciones bancarias tradicionales: <em>crowdfunding, crowdlending, crowdequity, business angels, venture capital<\/em>\u2026<\/p>\n<a class=\"button  button_size_ medium button_orange\" href=\"https:\/\/www.elisabetbach.com\/es\/formacion-y-comunicacion\/crowdsourcing-seed-capital-y-business-angels-o-cual-es-la-financiacion-privada-mas-adecuada-para-mi-proyecto\/\"     target=\"_blank\"    title=\"\"><span class=\"button_label\">Button<\/span><\/a>\n\n<p>&nbsp;<\/p>\n<p>[headline type=\u00bbh3&#8243; title=\u00bbLos n\u00fameros clave de la empresa\u00bb]<\/p>\n<p>La informaci\u00f3n econ\u00f3mico-financiera es la herramienta esencial que resume lo que se quiere llevar a cabo en el proyecto y los resultados esperados; o bien la situaci\u00f3n de la empresa y sus posibilidades de futuro. En definitiva, la viabilidad del negocio.<\/p>\n<a class=\"button  button_size_ medium button_orange\" href=\"https:\/\/www.elisabetbach.com\/es\/formacion-y-comunicacion\/los-numeros-clave-de-la-empresa\/\"     target=\"_blank\"    title=\"\"><span class=\"button_label\">Button<\/span><\/a>\n\n<p>&nbsp;<\/p>\n<p>[headline type=\u00bbh3&#8243; title=\u00bbFuentes de financiaci\u00f3n para nuevas empresas\u00bb]<\/p>\n<p>La financiaci\u00f3n es uno de los elementos clave de la empresa, especialmente, para las que empiezan. Si a esta mayor necesidad de fondos le a\u00f1adimos el mayor riesgo que supone para terceros invertir en empresas de nuevas creaci\u00f3n \u2500cuya viabilidad solo est\u00e1 sobre el papel\u2500, la tarea de encontrar financiaci\u00f3n para ponerlas en marcha parece casi imposible.<\/p>\n<a class=\"button  button_size_ medium button_orange\" href=\"https:\/\/www.elisabetbach.com\/es\/formacion-y-comunicacion\/fuentes-de-financiacion-para-nuevas-empresas\/\"     target=\"_blank\"    title=\"\"><span class=\"button_label\">Button<\/span><\/a>\n\n<p>&nbsp;<\/p>\n<p>[section padding=\u00bb40px 0&#8243;]<\/p>\n<p>[callout title=\u00bbCuando hay mucho en juego, los datos son clave\u00bb button=\u00bb\u00bfHablamos?\u00bb link=\u00bbhttps:\/\/www.elisabetbach.com\/es\/contacto\/\u00bb buttoncolor=\u00bborange\u00bb target=\u00bb_self\u00bb margin=\u00bb10px 0 30px 0&#8243;][\/callout]<\/p>\n<p>[\/section]<\/p>\n","protected":false},"excerpt":{"rendered":"<p>Emprender y gestionar una empresa no es tarea f\u00e1cil: se requiere un alto conocimiento de \u00e1mbitos muy diversos y una gran dosis de motivaci\u00f3n. Este apartado<span class=\"excerpt-hellip\"> [\u2026]<\/span><\/p>\n","protected":false},"author":1,"featured_media":0,"parent":0,"menu_order":0,"comment_status":"closed","ping_status":"closed","template":"","meta":{"footnotes":""},"class_list":["post-4907","page","type-page","status-publish","hentry"],"yoast_head":"<!-- This site is optimized with the Yoast SEO plugin v27.4 - https:\/\/yoast.com\/product\/yoast-seo-wordpress\/ -->\n<title>Formaci\u00f3n y comunicaci\u00f3n - Elisabet Bach<\/title>\n<meta name=\"robots\" content=\"index, follow, max-snippet:-1, max-image-preview:large, max-video-preview:-1\" \/>\n<link rel=\"canonical\" href=\"https:\/\/www.elisabetbach.com\/es\/formacion-y-comunicacion\/\" \/>\n<meta property=\"og:locale\" content=\"es_ES\" \/>\n<meta property=\"og:type\" content=\"article\" \/>\n<meta property=\"og:title\" content=\"Formaci\u00f3n y comunicaci\u00f3n - Elisabet Bach\" \/>\n<meta property=\"og:description\" content=\"Emprender y gestionar una empresa no es tarea f\u00e1cil: se requiere un alto conocimiento de \u00e1mbitos muy diversos y una gran dosis de motivaci\u00f3n. Este apartado [\u2026]\" \/>\n<meta property=\"og:url\" content=\"https:\/\/www.elisabetbach.com\/es\/formacion-y-comunicacion\/\" \/>\n<meta property=\"og:site_name\" content=\"Elisabet Bach\" \/>\n<meta property=\"article:publisher\" content=\"https:\/\/www.facebook.com\/elisabetbacholler\/\" \/>\n<meta property=\"article:modified_time\" content=\"2019-04-02T10:58:51+00:00\" \/>\n<meta name=\"twitter:label1\" content=\"Tiempo de lectura\" \/>\n\t<meta name=\"twitter:data1\" content=\"2 minutos\" \/>\n<script type=\"application\/ld+json\" class=\"yoast-schema-graph\">{\"@context\":\"https:\\\/\\\/schema.org\",\"@graph\":[{\"@type\":\"WebPage\",\"@id\":\"https:\\\/\\\/www.elisabetbach.com\\\/es\\\/formacion-y-comunicacion\\\/\",\"url\":\"https:\\\/\\\/www.elisabetbach.com\\\/es\\\/formacion-y-comunicacion\\\/\",\"name\":\"Formaci\u00f3n y comunicaci\u00f3n - Elisabet Bach\",\"isPartOf\":{\"@id\":\"https:\\\/\\\/www.elisabetbach.com\\\/#website\"},\"datePublished\":\"2015-09-17T15:01:29+00:00\",\"dateModified\":\"2019-04-02T10:58:51+00:00\",\"breadcrumb\":{\"@id\":\"https:\\\/\\\/www.elisabetbach.com\\\/es\\\/formacion-y-comunicacion\\\/#breadcrumb\"},\"inLanguage\":\"es\",\"potentialAction\":[{\"@type\":\"ReadAction\",\"target\":[\"https:\\\/\\\/www.elisabetbach.com\\\/es\\\/formacion-y-comunicacion\\\/\"]}]},{\"@type\":\"BreadcrumbList\",\"@id\":\"https:\\\/\\\/www.elisabetbach.com\\\/es\\\/formacion-y-comunicacion\\\/#breadcrumb\",\"itemListElement\":[{\"@type\":\"ListItem\",\"position\":1,\"name\":\"Inici\",\"item\":\"https:\\\/\\\/www.elisabetbach.com\\\/es\\\/\"},{\"@type\":\"ListItem\",\"position\":2,\"name\":\"Formaci\u00f3n y comunicaci\u00f3n\"}]},{\"@type\":\"WebSite\",\"@id\":\"https:\\\/\\\/www.elisabetbach.com\\\/#website\",\"url\":\"https:\\\/\\\/www.elisabetbach.com\\\/\",\"name\":\"Elisabet Bach\",\"description\":\"Consultora Econ\u00f3mica y Financiera\",\"publisher\":{\"@id\":\"https:\\\/\\\/www.elisabetbach.com\\\/#organization\"},\"potentialAction\":[{\"@type\":\"SearchAction\",\"target\":{\"@type\":\"EntryPoint\",\"urlTemplate\":\"https:\\\/\\\/www.elisabetbach.com\\\/?s={search_term_string}\"},\"query-input\":{\"@type\":\"PropertyValueSpecification\",\"valueRequired\":true,\"valueName\":\"search_term_string\"}}],\"inLanguage\":\"es\"},{\"@type\":\"Organization\",\"@id\":\"https:\\\/\\\/www.elisabetbach.com\\\/#organization\",\"name\":\"Elisabet Bach\",\"url\":\"https:\\\/\\\/www.elisabetbach.com\\\/\",\"logo\":{\"@type\":\"ImageObject\",\"inLanguage\":\"es\",\"@id\":\"https:\\\/\\\/www.elisabetbach.com\\\/#\\\/schema\\\/logo\\\/image\\\/\",\"url\":\"https:\\\/\\\/www.elisabetbach.com\\\/wp-content\\\/uploads\\\/2014\\\/03\\\/logo.png\",\"contentUrl\":\"https:\\\/\\\/www.elisabetbach.com\\\/wp-content\\\/uploads\\\/2014\\\/03\\\/logo.png\",\"width\":308,\"height\":49,\"caption\":\"Elisabet Bach\"},\"image\":{\"@id\":\"https:\\\/\\\/www.elisabetbach.com\\\/#\\\/schema\\\/logo\\\/image\\\/\"},\"sameAs\":[\"https:\\\/\\\/www.facebook.com\\\/elisabetbacholler\\\/\",\"https:\\\/\\\/x.com\\\/elisabet_bach\",\"https:\\\/\\\/www.linkedin.com\\\/in\\\/elisabetbachconsultant\\\/\",\"https:\\\/\\\/www.youtube.com\\\/channel\\\/UCaoleye0jmPoR0_FLWsGa8Q\"]}]}<\/script>\n<!-- \/ Yoast SEO plugin. -->","yoast_head_json":{"title":"Formaci\u00f3n y comunicaci\u00f3n - Elisabet Bach","robots":{"index":"index","follow":"follow","max-snippet":"max-snippet:-1","max-image-preview":"max-image-preview:large","max-video-preview":"max-video-preview:-1"},"canonical":"https:\/\/www.elisabetbach.com\/es\/formacion-y-comunicacion\/","og_locale":"es_ES","og_type":"article","og_title":"Formaci\u00f3n y comunicaci\u00f3n - Elisabet Bach","og_description":"Emprender y gestionar una empresa no es tarea f\u00e1cil: se requiere un alto conocimiento de \u00e1mbitos muy diversos y una gran dosis de motivaci\u00f3n. Este apartado [\u2026]","og_url":"https:\/\/www.elisabetbach.com\/es\/formacion-y-comunicacion\/","og_site_name":"Elisabet Bach","article_publisher":"https:\/\/www.facebook.com\/elisabetbacholler\/","article_modified_time":"2019-04-02T10:58:51+00:00","twitter_misc":{"Tiempo de lectura":"2 minutos"},"schema":{"@context":"https:\/\/schema.org","@graph":[{"@type":"WebPage","@id":"https:\/\/www.elisabetbach.com\/es\/formacion-y-comunicacion\/","url":"https:\/\/www.elisabetbach.com\/es\/formacion-y-comunicacion\/","name":"Formaci\u00f3n y comunicaci\u00f3n - Elisabet Bach","isPartOf":{"@id":"https:\/\/www.elisabetbach.com\/#website"},"datePublished":"2015-09-17T15:01:29+00:00","dateModified":"2019-04-02T10:58:51+00:00","breadcrumb":{"@id":"https:\/\/www.elisabetbach.com\/es\/formacion-y-comunicacion\/#breadcrumb"},"inLanguage":"es","potentialAction":[{"@type":"ReadAction","target":["https:\/\/www.elisabetbach.com\/es\/formacion-y-comunicacion\/"]}]},{"@type":"BreadcrumbList","@id":"https:\/\/www.elisabetbach.com\/es\/formacion-y-comunicacion\/#breadcrumb","itemListElement":[{"@type":"ListItem","position":1,"name":"Inici","item":"https:\/\/www.elisabetbach.com\/es\/"},{"@type":"ListItem","position":2,"name":"Formaci\u00f3n y comunicaci\u00f3n"}]},{"@type":"WebSite","@id":"https:\/\/www.elisabetbach.com\/#website","url":"https:\/\/www.elisabetbach.com\/","name":"Elisabet Bach","description":"Consultora Econ\u00f3mica y Financiera","publisher":{"@id":"https:\/\/www.elisabetbach.com\/#organization"},"potentialAction":[{"@type":"SearchAction","target":{"@type":"EntryPoint","urlTemplate":"https:\/\/www.elisabetbach.com\/?s={search_term_string}"},"query-input":{"@type":"PropertyValueSpecification","valueRequired":true,"valueName":"search_term_string"}}],"inLanguage":"es"},{"@type":"Organization","@id":"https:\/\/www.elisabetbach.com\/#organization","name":"Elisabet Bach","url":"https:\/\/www.elisabetbach.com\/","logo":{"@type":"ImageObject","inLanguage":"es","@id":"https:\/\/www.elisabetbach.com\/#\/schema\/logo\/image\/","url":"https:\/\/www.elisabetbach.com\/wp-content\/uploads\/2014\/03\/logo.png","contentUrl":"https:\/\/www.elisabetbach.com\/wp-content\/uploads\/2014\/03\/logo.png","width":308,"height":49,"caption":"Elisabet Bach"},"image":{"@id":"https:\/\/www.elisabetbach.com\/#\/schema\/logo\/image\/"},"sameAs":["https:\/\/www.facebook.com\/elisabetbacholler\/","https:\/\/x.com\/elisabet_bach","https:\/\/www.linkedin.com\/in\/elisabetbachconsultant\/","https:\/\/www.youtube.com\/channel\/UCaoleye0jmPoR0_FLWsGa8Q"]}]}},"_links":{"self":[{"href":"https:\/\/www.elisabetbach.com\/es\/wp-json\/wp\/v2\/pages\/4907","targetHints":{"allow":["GET"]}}],"collection":[{"href":"https:\/\/www.elisabetbach.com\/es\/wp-json\/wp\/v2\/pages"}],"about":[{"href":"https:\/\/www.elisabetbach.com\/es\/wp-json\/wp\/v2\/types\/page"}],"author":[{"embeddable":true,"href":"https:\/\/www.elisabetbach.com\/es\/wp-json\/wp\/v2\/users\/1"}],"replies":[{"embeddable":true,"href":"https:\/\/www.elisabetbach.com\/es\/wp-json\/wp\/v2\/comments?post=4907"}],"version-history":[{"count":7,"href":"https:\/\/www.elisabetbach.com\/es\/wp-json\/wp\/v2\/pages\/4907\/revisions"}],"predecessor-version":[{"id":4995,"href":"https:\/\/www.elisabetbach.com\/es\/wp-json\/wp\/v2\/pages\/4907\/revisions\/4995"}],"wp:attachment":[{"href":"https:\/\/www.elisabetbach.com\/es\/wp-json\/wp\/v2\/media?parent=4907"}],"curies":[{"name":"wp","href":"https:\/\/api.w.org\/{rel}","templated":true}]}}